{"id":17850,"date":"2022-11-16T18:07:48","date_gmt":"2022-11-16T17:07:48","guid":{"rendered":"https:\/\/www.nh-hotels.com\/corporate\/?page_id=17850"},"modified":"2025-10-06T10:41:31","modified_gmt":"2025-10-06T08:41:31","slug":"equipo-directivo","status":"publish","type":"page","link":"https:\/\/corporate.minor-hotels.com\/es\/sobre-nh\/equipo-directivo","title":{"rendered":"Equipo directivo"},"content":{"rendered":"\n<h1 class=\"wp-block-heading\">Comit\u00e9 de Direcci\u00f3n y&nbsp;Equipo Directivo de&nbsp;Minor Hotels Europe &amp; Americas<\/h1>\n\n\n\n<div class=\"wp-block-columns is-layout-flex wp-container-core-columns-is-layout-9d6595d7 wp-block-columns-is-layout-flex\">\n<div class=\"wp-block-column is-layout-flow wp-block-column-is-layout-flow\">\n\n<div class=\"executive-team-wrapper\">\n\n    <div class=\"executive-team-content row\">        \n                        <div class=\"executive-container col-lg-4\"> \n                    <div class=\"executive\">\n                        <div class=\"name\">\n                            Gonzalo Aguilar                        <\/div>\n\n                        <div class=\"row\">\n                            <div class=\"executive-info col-xxl d-flex flex-column\">\n                                <div class=\"charge\">\n                                    CEO                                <\/div>\n                                <div class=\"more-info d-flex flex-fill align-items-end\">\n                                    <!-- Button trigger modal -->\n                                    <a data-bs-toggle=\"modal\" data-bs-target=\"#executive-1081\">\n                                        Formaci\u00f3n y trayectoria profesional                                    <\/a>\n                                <\/div>\n                            <\/div>\n                            <div class=\"executive-img col-xxl\">\n                                <img decoding=\"async\" src=\"https:\/\/corporate.minor-hotels.com\/assets\/uploads\/2015\/11\/22095140\/3c88aeaa-1c87-4f3a-b51b-9270f1b45710.jpg\" class=\"attachment-post-thumbnail size-post-thumbnail wp-post-image\" alt=\"\" \/>                \n                            <\/div>\n                        <\/div>\n                    <\/div>\n\n                    <!-- Modal -->\n                    <div class=\"modal fade\" id=\"executive-1081\" tabindex=\"-1\" aria-hidden=\"true\">\n                        <div class=\"modal-dialog modal-lg\">\n                            <div class=\"modal-content\">\n                                <div class=\"modal-header\">\n                                    <button type=\"button\" class=\"btn-close\" data-bs-dismiss=\"modal\" aria-label=\"Cerrar\"><\/button>\n                                <\/div>\n                                <div class=\"modal-body\">\n                                    <div class=\"modal-img\">\n                                        <div class=\"img-container center\">\n                                        <img decoding=\"async\" src=\"https:\/\/corporate.minor-hotels.com\/assets\/uploads\/2015\/11\/22095140\/3c88aeaa-1c87-4f3a-b51b-9270f1b45710.jpg\" class=\"attachment-post-thumbnail size-post-thumbnail wp-post-image\" alt=\"\" \/>      \n                                        <\/div>\n                                    <\/div>\n                                    <div class=\"modal-description\">\n                                        <p class=\"title\">Gonzalo Aguilar<\/p>\n                                        <p class=\"charge\">CEO<\/p>\n                                        \n<p>Gonzalo Aguilar, se incorpora a Minor Hotels Europe and Americas asumiendo el rol de CEO a partir de enero de 2025. Con 30 a\u00f1os de experiencia en Marriott, ha contribuido significativamente al crecimiento y a la rentabilidad r\u00e9cord de esta empresa en la regi\u00f3n de EMEA como Director de Operaciones. Durante este tiempo, ha sido testigo de importantes hitos, como la exitosa integraci\u00f3n de AC Hotels tras su adquisici\u00f3n por Marriott.<\/p>\n\n\n\n<p>La distinguida carrera hotelera de Gonzalo comenz\u00f3 en 1994 como director de restaurante en el Denver Marriott Tech Center de Colorado (EE. UU.).<\/p>\n\n\n\n<p>A lo largo de los a\u00f1os, ocup\u00f3 diversos puestos y alcanz\u00f3 su primer cargo de General Manager en 2000. Desde entonces, Gonzalo ha ocupado varios puestos de responsabilidad en operaciones en Am\u00e9rica y Europa, demostrando su vasta experiencia operativa y su profundo conocimiento del negocio.<\/p>\n                                    <\/div>\n                                <\/div>\n                            <\/div>\n                        <\/div>\n                    <\/div>\n                <\/div>\n                            <div class=\"executive-container col-lg-4\"> \n                    <div class=\"executive\">\n                        <div class=\"name\">\n                            Rufino P\u00e9rez                        <\/div>\n\n                        <div class=\"row\">\n                            <div class=\"executive-info col-xxl d-flex flex-column\">\n                                <div class=\"charge\">\n                                    Chief Operations Officer & Global Transformation Leader                                <\/div>\n                                <div class=\"more-info d-flex flex-fill align-items-end\">\n                                    <!-- Button trigger modal -->\n                                    <a data-bs-toggle=\"modal\" data-bs-target=\"#executive-1173\">\n                                        Formaci\u00f3n y trayectoria profesional                                    <\/a>\n                                <\/div>\n                            <\/div>\n                            <div class=\"executive-img col-xxl\">\n                                <img decoding=\"async\" src=\"https:\/\/corporate.minor-hotels.com\/assets\/uploads\/2017\/02\/rufinoperez_157_0.jpg\" class=\"attachment-post-thumbnail size-post-thumbnail wp-post-image\" alt=\"rufinoperez_157\" \/>                \n                            <\/div>\n                        <\/div>\n                    <\/div>\n\n                    <!-- Modal -->\n                    <div class=\"modal fade\" id=\"executive-1173\" tabindex=\"-1\" aria-hidden=\"true\">\n                        <div class=\"modal-dialog modal-lg\">\n                            <div class=\"modal-content\">\n                                <div class=\"modal-header\">\n                                    <button type=\"button\" class=\"btn-close\" data-bs-dismiss=\"modal\" aria-label=\"Cerrar\"><\/button>\n                                <\/div>\n                                <div class=\"modal-body\">\n                                    <div class=\"modal-img\">\n                                        <div class=\"img-container center\">\n                                        <img decoding=\"async\" src=\"https:\/\/corporate.minor-hotels.com\/assets\/uploads\/2017\/02\/rufinoperez_157_0.jpg\" class=\"attachment-post-thumbnail size-post-thumbnail wp-post-image\" alt=\"rufinoperez_157\" \/>      \n                                        <\/div>\n                                    <\/div>\n                                    <div class=\"modal-description\">\n                                        <p class=\"title\">Rufino P\u00e9rez<\/p>\n                                        <p class=\"charge\">Chief Operations Officer & Global Transformation Leader<\/p>\n                                        <p>Rufino P\u00e9rez es Licenciado en Empresariales por la Universidad de Vigo y EXMBA en Direcci\u00f3n de Empresas Tur\u00edsticas por el Instituto de Empresa.<\/p>\n<p>Ha desarrollado la mayor parte de su carrera profesional en el sector hotelero, en posiciones como Jefe de Auditor\u00eda Interna, Director de Organizaci\u00f3n y Sistemas y Director Corporativo de Operaciones.<\/p>\n<p>Tras la integraci\u00f3n de Hoteles Hesperia en NH Hotel Group en Diciembre de 2009, ha ocupado los cargos de Director Comercial de Espa\u00f1a, Portugal y Andorra y Director General de la misma Unidad.<\/p>\n<p>En febrero de 2013, ocup\u00f3 el puesto de Chief Commercial Officer en NH Hotel Group, cadena l\u00edder con 60.000 habitaciones en 29 pa\u00edses, donde estuvo al frente de las \u00e1reas de Ventas,&nbsp;Pricing y Revenue Management, Reservas&nbsp;(individuales y grupos) y&nbsp;Commercial Business Intelligence.<\/p>\n<p>Desde Junio de&nbsp;2016 hasta mediados de 2017, fue nombrado Director General Ejecutivo de Medios liderando las estrategias de las \u00e1reas de IT, Recursos Humanos y Compras de la Compa\u00f1\u00eda a nivel mundial; adem\u00e1s de reportar a la Comisi\u00f3n Delegada del Consejo.<\/p>\n<p>Actualmente ocupa el puesto de&nbsp;Chief Operations Officer y Global Transformation Leader.<\/p>\n                                    <\/div>\n                                <\/div>\n                            <\/div>\n                        <\/div>\n                    <\/div>\n                <\/div>\n                            <div class=\"executive-container col-lg-4\"> \n                    <div class=\"executive\">\n                        <div class=\"name\">\n                            Laia Lahoz                        <\/div>\n\n                        <div class=\"row\">\n                            <div class=\"executive-info col-xxl d-flex flex-column\">\n                                <div class=\"charge\">\n                                    Chief Assets & Development Officer                                <\/div>\n                                <div class=\"more-info d-flex flex-fill align-items-end\">\n                                    <!-- Button trigger modal -->\n                                    <a data-bs-toggle=\"modal\" data-bs-target=\"#executive-1121\">\n                                        Formaci\u00f3n y trayectoria profesional                                    <\/a>\n                                <\/div>\n                            <\/div>\n                            <div class=\"executive-img col-xxl\">\n                                <img decoding=\"async\" src=\"https:\/\/corporate.minor-hotels.com\/assets\/uploads\/2017\/07\/laia_lahoz_1.jpg\" class=\"attachment-post-thumbnail size-post-thumbnail wp-post-image\" alt=\"laia_lahoz\" srcset=\"https:\/\/corporate.minor-hotels.com\/assets\/uploads\/2017\/07\/laia_lahoz_1.jpg 249w, https:\/\/corporate.minor-hotels.com\/assets\/uploads\/2017\/07\/laia_lahoz_1-205x300.jpg 205w\" sizes=\"(max-width: 249px) 100vw, 249px\" \/>                \n                            <\/div>\n                        <\/div>\n                    <\/div>\n\n                    <!-- Modal -->\n                    <div class=\"modal fade\" id=\"executive-1121\" tabindex=\"-1\" aria-hidden=\"true\">\n                        <div class=\"modal-dialog modal-lg\">\n                            <div class=\"modal-content\">\n                                <div class=\"modal-header\">\n                                    <button type=\"button\" class=\"btn-close\" data-bs-dismiss=\"modal\" aria-label=\"Cerrar\"><\/button>\n                                <\/div>\n                                <div class=\"modal-body\">\n                                    <div class=\"modal-img\">\n                                        <div class=\"img-container center\">\n                                        <img decoding=\"async\" src=\"https:\/\/corporate.minor-hotels.com\/assets\/uploads\/2017\/07\/laia_lahoz_1.jpg\" class=\"attachment-post-thumbnail size-post-thumbnail wp-post-image\" alt=\"laia_lahoz\" srcset=\"https:\/\/corporate.minor-hotels.com\/assets\/uploads\/2017\/07\/laia_lahoz_1.jpg 249w, https:\/\/corporate.minor-hotels.com\/assets\/uploads\/2017\/07\/laia_lahoz_1-205x300.jpg 205w\" sizes=\"(max-width: 249px) 100vw, 249px\" \/>      \n                                        <\/div>\n                                    <\/div>\n                                    <div class=\"modal-description\">\n                                        <p class=\"title\">Laia Lahoz<\/p>\n                                        <p class=\"charge\">Chief Assets & Development Officer<\/p>\n                                        <p>Laia Lahoz, licenciada en Derecho por la Universidad Pompeu Fabra y poseedora de un m\u00e1ster en Cooperaci\u00f3n Internacional por la Universidad Aut\u00f3noma de Barcelona, cuenta con una dilatada experiencia profesional en las \u00e1reas de Fusiones y Adquisiciones, Gesti\u00f3n de Activos y Jur\u00eddico.<\/p>\n<p>Comenz\u00f3 su carrera en Garrigues Abogados, para posteriormente introducirse en el sector tur\u00edstico en 2004, asumiendo la responsabilidad del Departamento Legal de Hoteles Hesperia.<\/p>\n<p>Unos a\u00f1os m\u00e1s tarde continu\u00f3 se carrera como Directora General de Grupo Inversor Hesperia, entrando a formar parte del Comit\u00e9 de Direcci\u00f3n.<\/p>\n<p>En 2013 y tras la integraci\u00f3n, unos a\u00f1os antes, de la cadena Hoteles Hesperia en NH Hotel Group, Lahoz fue nombrada &nbsp;SVP Portfolio Management donde lider\u00f3 la estrategia global de gesti\u00f3n de activos y negociaci\u00f3n de rentas.<\/p>\n<p>En junio de 2017, fue nombrada Chief Assets and Development Officer de NH Hotel Group,&nbsp; pasando a formar parte del Comit\u00e9 de Direcci\u00f3n y reportando directamente al Consejero Delegado. Desde esta nueva posici\u00f3n contin\u00faa liderando la estrategia de activos de la Compa\u00f1\u00eda e incorpora adem\u00e1s la responsabilidad de la expansi\u00f3n a nivel global de NH Hotel Group.<\/p>\n                                    <\/div>\n                                <\/div>\n                            <\/div>\n                        <\/div>\n                    <\/div>\n                <\/div>\n                            <div class=\"executive-container col-lg-4\"> \n                    <div class=\"executive\">\n                        <div class=\"name\">\n                            Fernando Vives                        <\/div>\n\n                        <div class=\"row\">\n                            <div class=\"executive-info col-xxl d-flex flex-column\">\n                                <div class=\"charge\">\n                                    Chief Commercial Officer                                <\/div>\n                                <div class=\"more-info d-flex flex-fill align-items-end\">\n                                    <!-- Button trigger modal -->\n                                    <a data-bs-toggle=\"modal\" data-bs-target=\"#executive-1193\">\n                                        Formaci\u00f3n y trayectoria profesional                                    <\/a>\n                                <\/div>\n                            <\/div>\n                            <div class=\"executive-img col-xxl\">\n                                <img decoding=\"async\" src=\"https:\/\/corporate.minor-hotels.com\/assets\/uploads\/2017\/02\/fernandovives_157_0.jpg\" class=\"attachment-post-thumbnail size-post-thumbnail wp-post-image\" alt=\"fernandovives_157\" \/>                \n                            <\/div>\n                        <\/div>\n                    <\/div>\n\n                    <!-- Modal -->\n                    <div class=\"modal fade\" id=\"executive-1193\" tabindex=\"-1\" aria-hidden=\"true\">\n                        <div class=\"modal-dialog modal-lg\">\n                            <div class=\"modal-content\">\n                                <div class=\"modal-header\">\n                                    <button type=\"button\" class=\"btn-close\" data-bs-dismiss=\"modal\" aria-label=\"Cerrar\"><\/button>\n                                <\/div>\n                                <div class=\"modal-body\">\n                                    <div class=\"modal-img\">\n                                        <div class=\"img-container center\">\n                                        <img decoding=\"async\" src=\"https:\/\/corporate.minor-hotels.com\/assets\/uploads\/2017\/02\/fernandovives_157_0.jpg\" class=\"attachment-post-thumbnail size-post-thumbnail wp-post-image\" alt=\"fernandovives_157\" \/>      \n                                        <\/div>\n                                    <\/div>\n                                    <div class=\"modal-description\">\n                                        <p class=\"title\">Fernando Vives<\/p>\n                                        <p class=\"charge\">Chief Commercial Officer<\/p>\n                                        <p>En 2014 se une a NH Hotel Group como Senior VP Comercial para hacerse cargo de la estrategia comercial y de Pricing de la compa\u00f1\u00eda. En julio de 2016 es nombrado Chief Commercial Officer desde donde dirige la estrategia comercial para todas las disciplinas comerciales (Ventas, Distribuci\u00f3n, Central de Reservas, Pricing, Revenue, Business Intelligence, etc.) asegurando el crecimiento de cada \u00e1rea en base al plan estrat\u00e9gico de la compa\u00f1\u00eda.<\/p>\n<p>Vives es experto en Revenue Management, estrategia comercial y distribuci\u00f3n y cuenta con un extenso historial y experiencia en compa\u00f1\u00edas internacionales del sector como Melia Hotels International, Hesperia, The Ritz o Le Meridien.<\/p>\n<p>Como apasionado hotelero y mentor, fund\u00f3 en 2009 el Master \u201cExperto en Revenue Management\u201c &nbsp;que imparte la Universidad Rey Juan Carlos de Madrid, el cual se ha consolidado como el m\u00e1s prestigioso y s\u00f3lido de la educaci\u00f3n oficial en RM en espa\u00f1ol. Tambi\u00e9n es profesor asociado en la IE Business School en los programas de MBA y participa habitualmente como ponente en conferencias del sector, entre ellas: Eye for Travel o HSMAI.<\/p>\n<p>Su af\u00e1n emprendedor ha sido clave en su vida y le ha llevado a ser cofundador de la compa\u00f1\u00eda Revenue Management &amp; Distribution Xotel, ltd. en 2006.<\/p>\n                                    <\/div>\n                                <\/div>\n                            <\/div>\n                        <\/div>\n                    <\/div>\n                <\/div>\n                            <div class=\"executive-container col-lg-4\"> \n                    <div class=\"executive\">\n                        <div class=\"name\">\n                            Marta P\u00e9rez-Leir\u00f3s                        <\/div>\n\n                        <div class=\"row\">\n                            <div class=\"executive-info col-xxl d-flex flex-column\">\n                                <div class=\"charge\">\n                                    Chief People & Sustainable Business Officer                                <\/div>\n                                <div class=\"more-info d-flex flex-fill align-items-end\">\n                                    <!-- Button trigger modal -->\n                                    <a data-bs-toggle=\"modal\" data-bs-target=\"#executive-1213\">\n                                        Formaci\u00f3n y trayectoria profesional                                    <\/a>\n                                <\/div>\n                            <\/div>\n                            <div class=\"executive-img col-xxl\">\n                                <img decoding=\"async\" src=\"https:\/\/corporate.minor-hotels.com\/assets\/uploads\/2022\/07\/marta-perez_ok_0.jpg\" class=\"attachment-post-thumbnail size-post-thumbnail wp-post-image\" alt=\"Marta P\u00e9rez-Leir\u00f3s, Chief People &amp; Sustainable Business Officer\" srcset=\"https:\/\/corporate.minor-hotels.com\/assets\/uploads\/2022\/07\/marta-perez_ok_0.jpg 249w, https:\/\/corporate.minor-hotels.com\/assets\/uploads\/2022\/07\/marta-perez_ok_0-205x300.jpg 205w\" sizes=\"(max-width: 249px) 100vw, 249px\" \/>                \n                            <\/div>\n                        <\/div>\n                    <\/div>\n\n                    <!-- Modal -->\n                    <div class=\"modal fade\" id=\"executive-1213\" tabindex=\"-1\" aria-hidden=\"true\">\n                        <div class=\"modal-dialog modal-lg\">\n                            <div class=\"modal-content\">\n                                <div class=\"modal-header\">\n                                    <button type=\"button\" class=\"btn-close\" data-bs-dismiss=\"modal\" aria-label=\"Cerrar\"><\/button>\n                                <\/div>\n                                <div class=\"modal-body\">\n                                    <div class=\"modal-img\">\n                                        <div class=\"img-container center\">\n                                        <img decoding=\"async\" src=\"https:\/\/corporate.minor-hotels.com\/assets\/uploads\/2022\/07\/marta-perez_ok_0.jpg\" class=\"attachment-post-thumbnail size-post-thumbnail wp-post-image\" alt=\"Marta P\u00e9rez-Leir\u00f3s, Chief People &amp; Sustainable Business Officer\" srcset=\"https:\/\/corporate.minor-hotels.com\/assets\/uploads\/2022\/07\/marta-perez_ok_0.jpg 249w, https:\/\/corporate.minor-hotels.com\/assets\/uploads\/2022\/07\/marta-perez_ok_0-205x300.jpg 205w\" sizes=\"(max-width: 249px) 100vw, 249px\" \/>      \n                                        <\/div>\n                                    <\/div>\n                                    <div class=\"modal-description\">\n                                        <p class=\"title\">Marta P\u00e9rez-Leir\u00f3s<\/p>\n                                        <p class=\"charge\">Chief People & Sustainable Business Officer<\/p>\n                                        <p>Marta P\u00e9rez-Leir\u00f3s, licenciada en Derecho y en ADE por la Universidad Pontificia de Comillas (ICADE) y Executive &amp; Life coach por CTI Global Iberia,&nbsp;ha ostentado posiciones de responsabilidad en el \u00e1rea de Recursos Humanos de empresas como Credit Suisse o Applus+.&nbsp;A lo largo de los 14 a\u00f1os que lleva trabajando en NH Hotel Group, Marta ha construido una s\u00f3lida carrera en Recursos Humanos en las \u00e1reas de Talento, Liderazgo, Desarrollo, Formaci\u00f3n, Compromiso, Employer Branding y Comunicaci\u00f3n Interna. Ha estado m\u00e1s que activamente implicada en la definici\u00f3n y despliegue de la Estrategia de Personas y ha experimentado un trabajo m\u00e1s cercano al negocio desempe\u00f1\u00e1ndose en la Unidad de Negocio Espa\u00f1a.<\/p>\n<p>A lo largo de su trayectoria ha conseguido m\u00faltiples reconocimientos por los proyectos que ha desarrollado en NH, entre ellos, 4&nbsp;galardones de los reconocidos premios Cegos con Equipos y Talento.&nbsp;<\/p>\n                                    <\/div>\n                                <\/div>\n                            <\/div>\n                        <\/div>\n                    <\/div>\n                <\/div>\n                            <div class=\"executive-container col-lg-4\"> \n                    <div class=\"executive\">\n                        <div class=\"name\">\n                            Carlos Ulecia                        <\/div>\n\n                        <div class=\"row\">\n                            <div class=\"executive-info col-xxl d-flex flex-column\">\n                                <div class=\"charge\">\n                                    General Counsel                                <\/div>\n                                <div class=\"more-info d-flex flex-fill align-items-end\">\n                                    <!-- Button trigger modal -->\n                                    <a data-bs-toggle=\"modal\" data-bs-target=\"#executive-1134\">\n                                        Formaci\u00f3n y trayectoria profesional                                    <\/a>\n                                <\/div>\n                            <\/div>\n                            <div class=\"executive-img col-xxl\">\n                                <img decoding=\"async\" src=\"https:\/\/corporate.minor-hotels.com\/assets\/uploads\/2017\/02\/carlos-ulecia_157_0.jpg\" class=\"attachment-post-thumbnail size-post-thumbnail wp-post-image\" alt=\"carlos-ulecia_157\" \/>                \n                            <\/div>\n                        <\/div>\n                    <\/div>\n\n                    <!-- Modal -->\n                    <div class=\"modal fade\" id=\"executive-1134\" tabindex=\"-1\" aria-hidden=\"true\">\n                        <div class=\"modal-dialog modal-lg\">\n                            <div class=\"modal-content\">\n                                <div class=\"modal-header\">\n                                    <button type=\"button\" class=\"btn-close\" data-bs-dismiss=\"modal\" aria-label=\"Cerrar\"><\/button>\n                                <\/div>\n                                <div class=\"modal-body\">\n                                    <div class=\"modal-img\">\n                                        <div class=\"img-container center\">\n                                        <img decoding=\"async\" src=\"https:\/\/corporate.minor-hotels.com\/assets\/uploads\/2017\/02\/carlos-ulecia_157_0.jpg\" class=\"attachment-post-thumbnail size-post-thumbnail wp-post-image\" alt=\"carlos-ulecia_157\" \/>      \n                                        <\/div>\n                                    <\/div>\n                                    <div class=\"modal-description\">\n                                        <p class=\"title\">Carlos Ulecia<\/p>\n                                        <p class=\"charge\">General Counsel<\/p>\n                                        <p>Carlos Ulecia Palacios es licenciado en Derecho y diplomado en Administraci\u00f3n de Empresas por la Universidad de Zaragoza. Adem\u00e1s curs\u00f3 un Master en Asesor\u00eda Jur\u00eddica y Fiscal por el IE Business School de Madrid. Cuenta con una amplia experiencia profesional en el \u00e1mbito jur\u00eddico, donde ha desarrollado su carrera profesional con especial foco en las \u00e1reas de Fusiones y Adquisiciones, Contrataci\u00f3n, Mercados de Valores y Gobierno Corporativo.<\/p>\n<p>Con anterioridad a su actual posici\u00f3n en NH Hotel Group, Carlos Ulecia ha sido Asociado Senior de Landwell, firma asociada a PricewaterhouseCoopers. Posteriormente, en el a\u00f1o 2000, fue nombrado Director de la Asesor\u00eda Jur\u00eddica de Indra Sistemas. Desde su funci\u00f3n legal, asumi\u00f3 la responsabilidad de la privatizaci\u00f3n de la multinacional tecnol\u00f3gica, su salida a Bolsa, y contribuy\u00f3 a su proceso de internacionalizaci\u00f3n.<\/p>\n<p>En 2007 se incorpor\u00f3 a Promotora de Informaciones (Prisa) como Secretario General adjunto y Vicesecretario del Consejo de Administraci\u00f3n. En dicha posici\u00f3n lider\u00f3 desde la funci\u00f3n legal, entre otros, los procesos de desinversi\u00f3n del Grupo Prisa, de la refinanciaci\u00f3n y restructuraci\u00f3n de la deuda, as\u00ed como la llevanza del Consejo de Administraci\u00f3n y sus Comisiones.<\/p>\n<p>En 2013, Carlos Ulecia se incorpor\u00f3 a NH Hotel Group como Secretario General, compatibilizando dicha posici\u00f3n con la de Secretario del Consejo de Administraci\u00f3n y Letrado Asesor de Sotogrande, S.A., posici\u00f3n \u00e9sta que dejar\u00eda en 2015 tras su venta a los fondos Cerberus y Orion. Como Secretario General de NH Hotel Group y miembro del Comit\u00e9 de Direcci\u00f3n, Ulecia lidera a nivel global las \u00e1reas de asesor\u00eda jur\u00eddica y cumplimiento y auditor\u00eda interna, as\u00ed como la gesti\u00f3n del Consejo de Administraci\u00f3n y sus Comisiones.<\/p>\n<p>Carlos Ulecia es profesor visitante en el IE Business School en materia de Fusiones y Adquisiciones y Gobierno Corporativo, y miembro del Ilustre Colegio de Abogados de Madrid y de la Asociaci\u00f3n Espa\u00f1ola de Abogados de Empresa. Asimismo participa peri\u00f3dicamente en seminarios y conferencias relacionadas con el \u00e1mbito jur\u00eddico.<\/p>\n                                    <\/div>\n                                <\/div>\n                            <\/div>\n                        <\/div>\n                    <\/div>\n                <\/div>\n                            <div class=\"executive-container col-lg-4\"> \n                    <div class=\"executive\">\n                        <div class=\"name\">\n                            Ana Mu\u00f1oz                        <\/div>\n\n                        <div class=\"row\">\n                            <div class=\"executive-info col-xxl d-flex flex-column\">\n                                <div class=\"charge\">\n                                    Chief Financial Officer                                <\/div>\n                                <div class=\"more-info d-flex flex-fill align-items-end\">\n                                    <!-- Button trigger modal -->\n                                    <a data-bs-toggle=\"modal\" data-bs-target=\"#executive-1227\">\n                                        Formaci\u00f3n y trayectoria profesional                                    <\/a>\n                                <\/div>\n                            <\/div>\n                            <div class=\"executive-img col-xxl\">\n                                <img decoding=\"async\" src=\"https:\/\/corporate.minor-hotels.com\/assets\/uploads\/2020\/10\/09101128\/ana-munoz-corporate.jpg\" class=\"attachment-post-thumbnail size-post-thumbnail wp-post-image\" alt=\"\" \/>                \n                            <\/div>\n                        <\/div>\n                    <\/div>\n\n                    <!-- Modal -->\n                    <div class=\"modal fade\" id=\"executive-1227\" tabindex=\"-1\" aria-hidden=\"true\">\n                        <div class=\"modal-dialog modal-lg\">\n                            <div class=\"modal-content\">\n                                <div class=\"modal-header\">\n                                    <button type=\"button\" class=\"btn-close\" data-bs-dismiss=\"modal\" aria-label=\"Cerrar\"><\/button>\n                                <\/div>\n                                <div class=\"modal-body\">\n                                    <div class=\"modal-img\">\n                                        <div class=\"img-container center\">\n                                        <img decoding=\"async\" src=\"https:\/\/corporate.minor-hotels.com\/assets\/uploads\/2020\/10\/09101128\/ana-munoz-corporate.jpg\" class=\"attachment-post-thumbnail size-post-thumbnail wp-post-image\" alt=\"\" \/>      \n                                        <\/div>\n                                    <\/div>\n                                    <div class=\"modal-description\">\n                                        <p class=\"title\">Ana Mu\u00f1oz<\/p>\n                                        <p class=\"charge\">Chief Financial Officer<\/p>\n                                        <p>Ana Mu\u00f1oz posee una s\u00f3lida y amplia formaci\u00f3n con m\u00e1s de 25 a\u00f1os de experiencia en la gesti\u00f3n completa de funciones financieras clave: AP\/AR, Tesorer\u00eda, Fiscalidad y Externalizaci\u00f3n de Procesos de Negocio (BPO) con especial enfoque en auditor\u00eda, consolidaci\u00f3n, control de gesti\u00f3n y reporting financiero. Ha ocupado puestos de responsabilidad en sus \u00e1reas de especializaci\u00f3n en varias empresas multinacionales, as\u00ed como en empresas que cotizan en el IBEX 35. Tiene una amplia experiencia en el desarrollo y la direcci\u00f3n de equipos multinacionales y en la gesti\u00f3n de grandes proyectos en toda la regi\u00f3n europea.<\/p>\n                                    <\/div>\n                                <\/div>\n                            <\/div>\n                        <\/div>\n                    <\/div>\n                <\/div>\n                            <div class=\"executive-container col-lg-4\"> \n                    <div class=\"executive\">\n                        <div class=\"name\">\n                            Alonso Escriv\u00e1 de Roman\u00ed                        <\/div>\n\n                        <div class=\"row\">\n                            <div class=\"executive-info col-xxl d-flex flex-column\">\n                                <div class=\"charge\">\n                                    Chief Strategy Officer                                <\/div>\n                                <div class=\"more-info d-flex flex-fill align-items-end\">\n                                    <!-- Button trigger modal -->\n                                    <a data-bs-toggle=\"modal\" data-bs-target=\"#executive-19391\">\n                                        Formaci\u00f3n y trayectoria profesional                                    <\/a>\n                                <\/div>\n                            <\/div>\n                            <div class=\"executive-img col-xxl\">\n                                <img decoding=\"async\" src=\"https:\/\/corporate.minor-hotels.com\/assets\/uploads\/2014\/12\/07210408\/alonso-escriba.jpg\" class=\"attachment-post-thumbnail size-post-thumbnail wp-post-image\" alt=\"\" \/>                \n                            <\/div>\n                        <\/div>\n                    <\/div>\n\n                    <!-- Modal -->\n                    <div class=\"modal fade\" id=\"executive-19391\" tabindex=\"-1\" aria-hidden=\"true\">\n                        <div class=\"modal-dialog modal-lg\">\n                            <div class=\"modal-content\">\n                                <div class=\"modal-header\">\n                                    <button type=\"button\" class=\"btn-close\" data-bs-dismiss=\"modal\" aria-label=\"Cerrar\"><\/button>\n                                <\/div>\n                                <div class=\"modal-body\">\n                                    <div class=\"modal-img\">\n                                        <div class=\"img-container center\">\n                                        <img decoding=\"async\" src=\"https:\/\/corporate.minor-hotels.com\/assets\/uploads\/2014\/12\/07210408\/alonso-escriba.jpg\" class=\"attachment-post-thumbnail size-post-thumbnail wp-post-image\" alt=\"\" \/>      \n                                        <\/div>\n                                    <\/div>\n                                    <div class=\"modal-description\">\n                                        <p class=\"title\">Alonso Escriv\u00e1 de Roman\u00ed<\/p>\n                                        <p class=\"charge\">Chief Strategy Officer<\/p>\n                                        <p>El Sr. Escriv\u00e1 de Roman\u00ed Arsuaga es Licenciado en Administraci\u00f3n y Direcci\u00f3n de Empresas por la Universidad Carlos III de Madrid. Tras un periodo trabajando en el sector de la consultor\u00eda en Accenture, Alonso se incorpor\u00f3 a la Compa\u00f1\u00eda en 2006. A lo largo de estos a\u00f1os, ha desarrollado su carrera en diferentes posiciones financieras y estrat\u00e9gicas dentro de NH Hotel Group, en \u00e1reas como An\u00e1lisis y Organizaci\u00f3n de RRHH, An\u00e1lisis de Inversiones, M&amp;A y Planificaci\u00f3n Financiera, Relaci\u00f3n con Inversores, Planificaci\u00f3n Estrat\u00e9gica y Controlling. Actualmente es el Chief Strategy Officer del Grupo, siendo responsable de la definici\u00f3n del Plan a 5 a\u00f1os del Grupo y del control de su ejecuci\u00f3n.<\/p>\n                                    <\/div>\n                                <\/div>\n                            <\/div>\n                        <\/div>\n                    <\/div>\n                <\/div>\n                <\/div>\n<\/div>\n<\/div>\n<\/div>\n","protected":false},"excerpt":{"rendered":"<p>Comit\u00e9 de Direcci\u00f3n y&nbsp;Equipo Directivo de&nbsp;Minor Hotels Europe &amp; Americas<\/p>\n","protected":false},"author":3,"featured_media":0,"parent":17820,"menu_order":0,"comment_status":"closed","ping_status":"closed","template":"","meta":{"_acf_changed":false,"footnotes":""},"class_list":["post-17850","page","type-page","status-publish","hentry"],"acf":[],"_links":{"self":[{"href":"https:\/\/corporate.minor-hotels.com\/es\/wp-json\/wp\/v2\/pages\/17850","targetHints":{"allow":["GET"]}}],"collection":[{"href":"https:\/\/corporate.minor-hotels.com\/es\/wp-json\/wp\/v2\/pages"}],"about":[{"href":"https:\/\/corporate.minor-hotels.com\/es\/wp-json\/wp\/v2\/types\/page"}],"author":[{"embeddable":true,"href":"https:\/\/corporate.minor-hotels.com\/es\/wp-json\/wp\/v2\/users\/3"}],"replies":[{"embeddable":true,"href":"https:\/\/corporate.minor-hotels.com\/es\/wp-json\/wp\/v2\/comments?post=17850"}],"version-history":[{"count":14,"href":"https:\/\/corporate.minor-hotels.com\/es\/wp-json\/wp\/v2\/pages\/17850\/revisions"}],"predecessor-version":[{"id":24217,"href":"https:\/\/corporate.minor-hotels.com\/es\/wp-json\/wp\/v2\/pages\/17850\/revisions\/24217"}],"up":[{"embeddable":true,"href":"https:\/\/corporate.minor-hotels.com\/es\/wp-json\/wp\/v2\/pages\/17820"}],"wp:attachment":[{"href":"https:\/\/corporate.minor-hotels.com\/es\/wp-json\/wp\/v2\/media?parent=17850"}],"curies":[{"name":"wp","href":"https:\/\/api.w.org\/{rel}","templated":true}]}}